{"id":861,"date":"2025-11-24T11:50:34","date_gmt":"2025-11-24T10:50:34","guid":{"rendered":"https:\/\/www.batters.fr\/?page_id=861"},"modified":"2025-12-05T16:32:27","modified_gmt":"2025-12-05T15:32:27","slug":"batters-phase-1","status":"publish","type":"page","link":"https:\/\/www.batters.fr\/en\/batters-phase-1\/","title":{"rendered":"BATTERS Phase 1"},"content":{"rendered":"<div class=\"wp-block-cover alignfull\" style=\"min-height:506px;aspect-ratio:unset;\"><img loading=\"lazy\" decoding=\"async\" width=\"1278\" height=\"482\" class=\"wp-block-cover__image-background wp-image-908 size-full\" alt=\"\" src=\"https:\/\/www.batters.fr\/wp-content\/uploads\/2025\/11\/fond-titre-2.png\" data-object-fit=\"cover\" srcset=\"https:\/\/www.batters.fr\/wp-content\/uploads\/2025\/11\/fond-titre-2.png 1278w, https:\/\/www.batters.fr\/wp-content\/uploads\/2025\/11\/fond-titre-2-300x113.png 300w, https:\/\/www.batters.fr\/wp-content\/uploads\/2025\/11\/fond-titre-2-1024x386.png 1024w, https:\/\/www.batters.fr\/wp-content\/uploads\/2025\/11\/fond-titre-2-768x290.png 768w\" sizes=\"auto, (max-width: 1278px) 100vw, 1278px\" \/><span aria-hidden=\"true\" class=\"wp-block-cover__background has-background-dim-0 has-background-dim\"><\/span><div class=\"wp-block-cover__inner-container is-layout-flow wp-block-cover-is-layout-flow\">\n<div style=\"height:39px\" aria-hidden=\"true\" class=\"wp-block-spacer\"><\/div>\n\n\n\n<div class=\"wp-block-columns is-layout-flex wp-container-core-columns-is-layout-9d6595d7 wp-block-columns-is-layout-flex\">\n<div class=\"wp-block-column is-layout-flow wp-block-column-is-layout-flow\" style=\"flex-basis:25%\"><\/div>\n\n\n\n<div class=\"wp-block-column is-layout-flow wp-block-column-is-layout-flow\" style=\"flex-basis:50%\">\n<h1 class=\"wp-block-heading has-text-align-center\" style=\"font-size:56px\">BATTERS project <mark style=\"background-color:rgba(0, 0, 0, 0)\" class=\"has-inline-color has-nv-c-1-color\">Phase 1<\/mark> <\/h1>\n\n\n\n<h2 class=\"wp-block-heading has-text-align-center\" style=\"font-size:56px\">2022-2023<\/h2>\n\n\n\n<div style=\"height:35px\" aria-hidden=\"true\" class=\"wp-block-spacer\"><\/div>\n\n\n\n<h1 class=\"wp-block-heading has-text-align-center\" style=\"font-size:45px\">Construction of a <mark style=\"background-color:rgba(0, 0, 0, 0)\" class=\"has-inline-color has-nv-c-1-color\">roadmap<\/mark> in the sector <mark style=\"background-color:rgba(0, 0, 0, 0)\" class=\"has-inline-color has-nv-site-bg-color\">battery<\/mark> for the Hauts-de-France region<\/h1>\n<\/div>\n\n\n\n<div class=\"wp-block-column is-layout-flow wp-block-column-is-layout-flow\" style=\"flex-basis:25%\"><\/div>\n<\/div>\n<\/div><\/div>\n\n\n\n<div class=\"wp-block-cover has-nv-dark-bg-color has-text-color has-link-color wp-elements-19b85d6725add332d95c8f149e051f09\"><span aria-hidden=\"true\" class=\"wp-block-cover__background has-nv-site-bg-background-color has-background-dim-100 has-background-dim\"><\/span><div class=\"wp-block-cover__inner-container is-layout-constrained wp-block-cover-is-layout-constrained\">\n<div style=\"height:8px\" aria-hidden=\"true\" class=\"wp-block-spacer\"><\/div>\n\n\n\n<h2 class=\"wp-block-heading\">Project background<\/h2>\n\n\n\n<hr class=\"wp-block-separator has-text-color has-nv-c-1-color has-alpha-channel-opacity has-nv-c-1-background-color has-background is-style-wide\"\/>\n\n\n\n<div class=\"wp-block-columns is-layout-flex wp-container-core-columns-is-layout-9d6595d7 wp-block-columns-is-layout-flex\">\n<div class=\"wp-block-column is-layout-flow wp-block-column-is-layout-flow\" style=\"flex-basis:15%\">\n<div style=\"height:67px\" aria-hidden=\"true\" class=\"wp-block-spacer\"><\/div>\n\n\n<div class=\"wp-block-image\">\n<figure class=\"aligncenter size-full is-resized\"><img loading=\"lazy\" decoding=\"async\" width=\"150\" height=\"150\" src=\"https:\/\/www.batters.fr\/wp-content\/uploads\/2025\/11\/Logo-Region-HDF-RVB-300x300-150x150-1.jpg\" alt=\"\" class=\"wp-image-919\" style=\"width:142px;height:auto\"\/><\/figure>\n<\/div><\/div>\n\n\n\n<div class=\"wp-block-column has-nv-light-bg-background-color has-background is-layout-flow wp-block-column-is-layout-flow\" style=\"padding-top:0;padding-right:var(--wp--preset--spacing--30);padding-bottom:0;padding-left:var(--wp--preset--spacing--30);flex-basis:85%\">\n<div style=\"height:22px\" aria-hidden=\"true\" class=\"wp-block-spacer\"><\/div>\n\n\n\n<p style=\"padding-top:0;padding-right:var(--wp--preset--spacing--30);padding-bottom:0;padding-left:var(--wp--preset--spacing--30);font-size:18px\" class=\"translation-block\">The\u00a0<strong><mark class=\"has-inline-color has-neve-link-color-color\">BATTERS Phase 1 project<\/mark><\/strong>, funded by the Fonds R\u00e9gionaux pour l\u2019Amplification de la Troisi\u00e8me R\u00e9volution Industrielle, took place from January 2022 to July 2023. Its main objective was to develop, in collaboration with\u00a0<strong><mark class=\"has-inline-color has-neve-link-color-color\">regional stakeholders in the battery value chain<\/mark><\/strong>, a roadmap aimed at positioning the Hauts-de-France Region as a\u00a0<strong><mark class=\"has-inline-color has-neve-link-color-color\">major player in innovation and the circular economy<\/mark><\/strong>\u00a0in this sector.<\/p>\n\n\n\n<p style=\"padding-top:0;padding-right:var(--wp--preset--spacing--30);padding-bottom:0;padding-left:var(--wp--preset--spacing--30);font-size:18px\" class=\"translation-block\">In 2025, <strong><mark class=\"has-inline-color has-neve-link-color-color\">Phase 2<\/mark><\/strong> began with the objective of <strong><mark class=\"has-inline-color has-neve-link-color-color\">strengthening collaboration<\/mark><\/strong> among stakeholders now established in the <strong><mark class=\"has-inline-color has-neve-link-color-color\">Battery Valley<\/mark><\/strong>. This new stage aims to develop a <strong><mark class=\"has-inline-color has-neve-link-color-color\">platform<\/mark><\/strong> incorporating carbon footprint calculation required by the 2023 battery regulation, eco-design tools, and an interactive directory, which will form the project\u2019s main deliverable.<\/p>\n<\/div>\n<\/div>\n\n\n\n<div class=\"wp-block-columns is-layout-flex wp-container-core-columns-is-layout-9d6595d7 wp-block-columns-is-layout-flex\">\n<div class=\"wp-block-column is-layout-flow wp-block-column-is-layout-flow\" style=\"flex-basis:15%\"><\/div>\n\n\n\n<div class=\"wp-block-column is-layout-flow wp-block-column-is-layout-flow\" style=\"padding-top:0;padding-right:var(--wp--preset--spacing--30);padding-bottom:0;padding-left:var(--wp--preset--spacing--30);flex-basis:85%\">\n<div class=\"wp-block-buttons is-content-justification-center is-layout-flex wp-container-core-buttons-is-layout-16018d1d wp-block-buttons-is-layout-flex\">\n<div class=\"wp-block-button\"><a class=\"wp-block-button__link has-nv-c-2-background-color has-background wp-element-button\" href=\"http:\/\/www.batters.fr\/en\/batters_phase_2\/\">Find out more about BATTERS Phase 2<\/a><\/div>\n\n\n\n<div class=\"wp-block-button\"><a class=\"wp-block-button__link has-background wp-element-button\" href=\"http:\/\/www.batters.fr\/en\/reglementation_batterie\/\" style=\"background-color:#448db2\">Find out more about the battery regulation<\/a><\/div>\n<\/div>\n<\/div>\n<\/div>\n<\/div><\/div>\n\n\n\n<div class=\"wp-block-cover has-nv-dark-bg-color has-text-color has-link-color wp-elements-04bf93b80924fcad0ddcf5fb0c13ffaa\"><span aria-hidden=\"true\" class=\"wp-block-cover__background has-nv-site-bg-background-color has-background-dim-100 has-background-dim\"><\/span><div class=\"wp-block-cover__inner-container is-layout-constrained wp-block-cover-is-layout-constrained\">\n<h2 class=\"wp-block-heading\">The major stages<\/h2>\n\n\n\n<hr class=\"wp-block-separator has-text-color has-nv-c-1-color has-alpha-channel-opacity has-nv-c-1-background-color has-background is-style-wide\"\/>\n\n\n\n<div id=\"wp-block-themeisle-blocks-timeline-3a8c0213\" class=\"wp-block-themeisle-blocks-timeline\"><div class=\"o-timeline-root\">\n<div id=\"wp-block-themeisle-blocks-timeline-item-947be3f1\" class=\"wp-block-themeisle-blocks-timeline-item\"><div class=\"o-timeline-container\"><div class=\"o-timeline-icon\"><i class=\"fas fa-circle\"><\/i><\/div><div class=\"o-timeline-content\">\n<h3 class=\"wp-block-heading\">State of the art and market analysis<\/h3>\n\n\n\n<p>Battery technologies, usage, future scenarios, recycling technologies.<\/p>\n<\/div><\/div><\/div>\n\n\n\n<div id=\"wp-block-themeisle-blocks-timeline-item-5d515839\" class=\"wp-block-themeisle-blocks-timeline-item\"><div class=\"o-timeline-container\"><div class=\"o-timeline-icon\"><i class=\"fas fa-circle\"><\/i><\/div><div class=\"o-timeline-content\">\n<h3 class=\"wp-block-heading\">Regulatory monitoring<\/h3>\n\n\n\n<p>Follow-up to the new 2023 European regulations on batteries and battery waste<\/p>\n<\/div><\/div><\/div>\n\n\n\n<div id=\"wp-block-themeisle-blocks-timeline-item-463e7865\" class=\"wp-block-themeisle-blocks-timeline-item\"><div class=\"o-timeline-container\"><div class=\"o-timeline-icon\"><i class=\"fas fa-circle\"><\/i><\/div><div class=\"o-timeline-content\">\n<h3 class=\"wp-block-heading\">Exchanges with stakeholders<\/h3>\n\n\n\n<p>Players in the battery value chain in Hauts-de-France: industrial actors, laboratories, scientific community<\/p>\n<\/div><\/div><\/div>\n\n\n\n<div id=\"wp-block-themeisle-blocks-timeline-item-68d9147d\" class=\"wp-block-themeisle-blocks-timeline-item\"><div class=\"o-timeline-container\"><div class=\"o-timeline-icon\"><i class=\"fas fa-circle\"><\/i><\/div><div class=\"o-timeline-content\">\n<h3 class=\"wp-block-heading\">Territorial LCA<\/h3>\n\n\n\n<p>Carrying out an LCA of annual battery activity for the Hauts-de-France region in a stable future market (2070).&nbsp;<\/p>\n<\/div><\/div><\/div>\n\n\n\n<div id=\"wp-block-themeisle-blocks-timeline-item-0fd80a0c\" class=\"wp-block-themeisle-blocks-timeline-item\"><div class=\"o-timeline-container\"><div class=\"o-timeline-icon\"><i class=\"fas fa-circle\"><\/i><\/div><div class=\"o-timeline-content\">\n<h3 class=\"wp-block-heading\">Social study<\/h3>\n\n\n\n<p>Identification of relevant Social Life Cycle Assessment (S-LCA) impact categories with the various stakeholders.<\/p>\n<\/div><\/div><\/div>\n\n\n\n<div id=\"wp-block-themeisle-blocks-timeline-item-44f68302\" class=\"wp-block-themeisle-blocks-timeline-item\"><div class=\"o-timeline-container\"><div class=\"o-timeline-icon\"><i class=\"fas fa-circle\"><\/i><\/div><div class=\"o-timeline-content\">\n<h3 class=\"wp-block-heading\">Roadmap<\/h3>\n\n\n\n<p>Synthesis of all the work by drawing up a roadmap for the Hauts-de-France Region<\/p>\n<\/div><\/div><\/div>\n<\/div><\/div>\n<\/div><\/div>\n\n\n\n<div class=\"wp-block-cover has-nv-dark-bg-color has-text-color has-link-color wp-elements-5e9b72bc4e3d349d08005930e31ef7ee\"><span aria-hidden=\"true\" class=\"wp-block-cover__background has-nv-site-bg-background-color has-background-dim-100 has-background-dim\"><\/span><div class=\"wp-block-cover__inner-container is-layout-constrained wp-block-cover-is-layout-constrained\">\n<h2 class=\"wp-block-heading\">Partners<\/h2>\n\n\n\n<hr class=\"wp-block-separator has-text-color has-nv-c-1-color has-alpha-channel-opacity has-nv-c-1-background-color has-background is-style-wide\"\/>\n\n\n<div class=\"wp-block-image\">\n<figure class=\"aligncenter size-full\"><img loading=\"lazy\" decoding=\"async\" width=\"1024\" height=\"545\" src=\"https:\/\/www.batters.fr\/wp-content\/uploads\/2025\/11\/Batters-partenaires-projet-1-1024x545-1.png\" alt=\"\" class=\"wp-image-934\" srcset=\"https:\/\/www.batters.fr\/wp-content\/uploads\/2025\/11\/Batters-partenaires-projet-1-1024x545-1.png 1024w, https:\/\/www.batters.fr\/wp-content\/uploads\/2025\/11\/Batters-partenaires-projet-1-1024x545-1-300x160.png 300w, https:\/\/www.batters.fr\/wp-content\/uploads\/2025\/11\/Batters-partenaires-projet-1-1024x545-1-768x409.png 768w\" sizes=\"auto, (max-width: 1024px) 100vw, 1024px\" \/><\/figure>\n<\/div>\n\n\n<div class=\"wp-block-cover has-nv-dark-bg-color has-text-color has-link-color wp-elements-c431410d32df068e46f59a719f36f9f1\"><span aria-hidden=\"true\" class=\"wp-block-cover__background has-nv-site-bg-background-color has-background-dim-100 has-background-dim\"><\/span><div class=\"wp-block-cover__inner-container is-layout-constrained wp-block-cover-is-layout-constrained\">\n<div style=\"height:40px\" aria-hidden=\"true\" class=\"wp-block-spacer\"><\/div>\n\n\n\n<h2 class=\"wp-block-heading\">Meetings and Documents<\/h2>\n\n\n\n<hr class=\"wp-block-separator has-text-color has-nv-c-1-color has-alpha-channel-opacity has-nv-c-1-background-color has-background is-style-wide\"\/>\n\n\n\n<p style=\"font-size:20px\" class=\"translation-block\">The project revolved around&nbsp;<strong>three major meetings<\/strong>&nbsp;that brought together the leading players in the battery value chain in France.<\/p>\n\n\n\n<p style=\"font-size:18px\"><strong>First Meeting<\/strong> : <a href=\"https:\/\/www.weloop.org\/fr\/premiere-reunion-projet-batters\/\"><strong><mark style=\"background-color:rgba(0, 0, 0, 0)\" class=\"has-inline-color has-neve-link-hover-color-color\">Presentation of the state of the art at the headquarters of the Hauts-de-France Region&nbsp;<\/mark><\/strong><\/a><\/p>\n\n\n\n<p style=\"font-size:18px\"><strong>Second Meeting<\/strong>&nbsp;:&nbsp;<a href=\"https:\/\/www.weloop.org\/fr\/atelier-batters-recyclage-dechets-production\/\"><strong><mark style=\"background-color:rgba(0, 0, 0, 0)\" class=\"has-inline-color has-neve-link-hover-color-color\">Online workshop on production waste&nbsp;<\/mark><\/strong><\/a><\/p>\n\n\n\n<p style=\"font-size:18px\"><strong>Last meeting<\/strong>\u202f :&nbsp;<a href=\"https:\/\/www.weloop.org\/batters-acv-territoriale-et-feuille-de-route\/\" target=\"_blank\" rel=\"noreferrer noopener\"><mark style=\"background-color:rgba(0, 0, 0, 0)\" class=\"has-inline-color has-neve-link-hover-color-color\"><strong>Presentation of the first results of Territorial LCA and beginnings of the roadmap&nbsp;<\/strong><\/mark><\/a><\/p>\n<\/div><\/div>\n<\/div><\/div>\n\n\n\n<div class=\"wp-block-cover alignfull\" style=\"min-height:300px;aspect-ratio:unset;\"><span aria-hidden=\"true\" class=\"wp-block-cover__background has-background-dim-100 has-background-dim\" style=\"background-color:#134064\"><\/span><div class=\"wp-block-cover__inner-container is-layout-flow wp-block-cover-is-layout-flow\">\n<div style=\"height:30px\" aria-hidden=\"true\" class=\"wp-block-spacer\"><\/div>\n\n\n\n<h2 class=\"wp-block-heading has-text-align-center\">Do you need more information?<\/h2>\n\n\n\n<div style=\"height:30px\" aria-hidden=\"true\" class=\"wp-block-spacer\"><\/div>\n\n\n\n<div class=\"wp-block-columns is-layout-flex wp-container-core-columns-is-layout-9d6595d7 wp-block-columns-is-layout-flex\">\n<div class=\"wp-block-column is-layout-flow wp-block-column-is-layout-flow\" style=\"flex-basis:15%\"><\/div>\n\n\n\n<div class=\"wp-block-column is-layout-flow wp-block-column-is-layout-flow\" style=\"flex-basis:30%\">\n<div class=\"wp-block-group\"><div class=\"wp-block-group__inner-container is-layout-constrained wp-block-group-is-layout-constrained\">\n<h3 class=\"wp-block-heading has-text-align-center has-nv-text-dark-bg-color has-text-color\" style=\"font-size:25px\">About the project<\/h3>\n\n\n\n<div style=\"height:6px\" aria-hidden=\"true\" class=\"wp-block-spacer\"><\/div>\n\n\n\n<p class=\"has-text-align-center has-nv-text-dark-bg-color has-text-color has-link-color has-medium-font-size wp-elements-5cb0e32fa8e461240abd12a544d40291\">Are you interested in the approach used during phase 1 and\/or the use of territorial and social LCA? Would you like us to apply it on your scale?<\/p>\n\n\n\n<div class=\"wp-block-buttons is-horizontal is-content-justification-center is-layout-flex wp-container-core-buttons-is-layout-499968f5 wp-block-buttons-is-layout-flex\">\n<div class=\"wp-block-button is-style-primary\"><a class=\"wp-block-button__link has-nv-text-dark-bg-color has-text-color has-background has-link-color wp-element-button\" href=\"https:\/\/www.batters.fr\/en\/contact\/\" style=\"background-color:#cb5525\">Contact our experts<\/a><\/div>\n<\/div>\n<\/div><\/div>\n<\/div>\n\n\n\n<div class=\"wp-block-column is-layout-flow wp-block-column-is-layout-flow\" style=\"flex-basis:10%\"><\/div>\n\n\n\n<div class=\"wp-block-column is-layout-flow wp-block-column-is-layout-flow\" style=\"flex-basis:30%\">\n<div class=\"wp-block-group\"><div class=\"wp-block-group__inner-container is-layout-constrained wp-block-group-is-layout-constrained\">\n<h3 class=\"wp-block-heading has-text-align-center has-nv-text-dark-bg-color has-text-color\" style=\"font-size:25px\">Join the BATTERS ecosystem<\/h3>\n\n\n\n<p class=\"has-text-align-center has-nv-text-dark-bg-color has-text-color has-link-color has-medium-font-size wp-elements-96d49ba697795d7e42a23e2b99696570\">Companies, researchers, institutions - would you like to help build a more sustainable and connected European battery industry? Would you like to stay informed about our initiatives?<\/p>\n\n\n\n<div class=\"wp-block-buttons is-horizontal is-content-justification-center is-layout-flex wp-container-core-buttons-is-layout-499968f5 wp-block-buttons-is-layout-flex\">\n<div class=\"wp-block-button is-style-primary\"><a class=\"wp-block-button__link has-nv-text-dark-bg-color has-text-color has-background has-link-color wp-element-button\" href=\"https:\/\/www.batters.fr\/en\/join-batters\/\" style=\"background-color:#cb5525\">Join BATTERS<\/a><\/div>\n<\/div>\n<\/div><\/div>\n<\/div>\n\n\n\n<div class=\"wp-block-column is-layout-flow wp-block-column-is-layout-flow\" style=\"flex-basis:15%\"><\/div>\n<\/div>\n<\/div><\/div>\n\n\n\n<p><\/p>","protected":false},"excerpt":{"rendered":"","protected":false},"author":5,"featured_media":0,"parent":0,"menu_order":0,"comment_status":"closed","ping_status":"closed","template":"","meta":{"neve_meta_sidebar":"","neve_meta_container":"","neve_meta_enable_content_width":"","neve_meta_content_width":0,"neve_meta_title_alignment":"","neve_meta_author_avatar":"","neve_post_elements_order":"","neve_meta_disable_header":"","neve_meta_disable_footer":"","neve_meta_disable_title":"","neve_meta_reading_time":"","footnotes":""},"class_list":["post-861","page","type-page","status-publish","hentry"],"yoast_head":"<!-- This site is optimized with the Yoast SEO plugin v27.2 - https:\/\/yoast.com\/product\/yoast-seo-wordpress\/ -->\n<title>BATTERS Phase 1 - Batters<\/title>\n<meta name=\"description\" content=\"Construction d&#039;une feuille de route de la fili\u00e8re batterie pour la r\u00e9gion Hauts-de-France : \u00e9tapes du projet et pr\u00e9sentations\" \/>\n<meta name=\"robots\" content=\"index, follow, max-snippet:-1, max-image-preview:large, max-video-preview:-1\" \/>\n<link rel=\"canonical\" href=\"https:\/\/www.batters.fr\/en\/batters-phase-1\/\" \/>\n<meta property=\"og:locale\" content=\"en_GB\" \/>\n<meta property=\"og:type\" content=\"article\" \/>\n<meta property=\"og:title\" content=\"BATTERS Phase 1 - Batters\" \/>\n<meta property=\"og:description\" content=\"Construction d&#039;une feuille de route de la fili\u00e8re batterie pour la r\u00e9gion Hauts-de-France : \u00e9tapes du projet et pr\u00e9sentations\" \/>\n<meta property=\"og:url\" content=\"https:\/\/www.batters.fr\/en\/batters-phase-1\/\" \/>\n<meta property=\"og:site_name\" content=\"Batters\" \/>\n<meta property=\"article:modified_time\" content=\"2025-12-05T15:32:27+00:00\" \/>\n<meta property=\"og:image\" content=\"https:\/\/www.batters.fr\/wp-content\/uploads\/2025\/11\/fond-titre-2.png\" \/>\n\t<meta property=\"og:image:width\" content=\"1278\" \/>\n\t<meta property=\"og:image:height\" content=\"482\" \/>\n\t<meta property=\"og:image:type\" content=\"image\/png\" \/>\n<meta name=\"twitter:card\" content=\"summary_large_image\" \/>\n<meta name=\"twitter:label1\" content=\"Estimated reading time\" \/>\n\t<meta name=\"twitter:data1\" content=\"3 minutes\" \/>\n<script type=\"application\/ld+json\" class=\"yoast-schema-graph\">{\"@context\":\"https:\/\/schema.org\",\"@graph\":[{\"@type\":\"WebPage\",\"@id\":\"https:\/\/www.batters.fr\/batters-phase-1\/\",\"url\":\"https:\/\/www.batters.fr\/batters-phase-1\/\",\"name\":\"BATTERS Phase 1 - Batters\",\"isPartOf\":{\"@id\":\"https:\/\/www.batters.fr\/#website\"},\"primaryImageOfPage\":{\"@id\":\"https:\/\/www.batters.fr\/batters-phase-1\/#primaryimage\"},\"image\":{\"@id\":\"https:\/\/www.batters.fr\/batters-phase-1\/#primaryimage\"},\"thumbnailUrl\":\"https:\/\/www.batters.fr\/wp-content\/uploads\/2025\/11\/fond-titre-2.png\",\"datePublished\":\"2025-11-24T10:50:34+00:00\",\"dateModified\":\"2025-12-05T15:32:27+00:00\",\"description\":\"Construction d'une feuille de route de la fili\u00e8re batterie pour la r\u00e9gion Hauts-de-France : \u00e9tapes du projet et pr\u00e9sentations\",\"breadcrumb\":{\"@id\":\"https:\/\/www.batters.fr\/batters-phase-1\/#breadcrumb\"},\"inLanguage\":\"en-GB\",\"potentialAction\":[{\"@type\":\"ReadAction\",\"target\":[\"https:\/\/www.batters.fr\/batters-phase-1\/\"]}]},{\"@type\":\"ImageObject\",\"inLanguage\":\"en-GB\",\"@id\":\"https:\/\/www.batters.fr\/batters-phase-1\/#primaryimage\",\"url\":\"https:\/\/www.batters.fr\/wp-content\/uploads\/2025\/11\/fond-titre-2.png\",\"contentUrl\":\"https:\/\/www.batters.fr\/wp-content\/uploads\/2025\/11\/fond-titre-2.png\"},{\"@type\":\"BreadcrumbList\",\"@id\":\"https:\/\/www.batters.fr\/batters-phase-1\/#breadcrumb\",\"itemListElement\":[{\"@type\":\"ListItem\",\"position\":1,\"name\":\"Home\",\"item\":\"https:\/\/www.batters.fr\/\"},{\"@type\":\"ListItem\",\"position\":2,\"name\":\"BATTERS Phase 1\"}]},{\"@type\":\"WebSite\",\"@id\":\"https:\/\/www.batters.fr\/#website\",\"url\":\"https:\/\/www.batters.fr\/\",\"name\":\"Batters\",\"description\":\"\",\"publisher\":{\"@id\":\"https:\/\/www.batters.fr\/#organization\"},\"potentialAction\":[{\"@type\":\"SearchAction\",\"target\":{\"@type\":\"EntryPoint\",\"urlTemplate\":\"https:\/\/www.batters.fr\/?s={search_term_string}\"},\"query-input\":{\"@type\":\"PropertyValueSpecification\",\"valueRequired\":true,\"valueName\":\"search_term_string\"}}],\"inLanguage\":\"en-GB\"},{\"@type\":\"Organization\",\"@id\":\"https:\/\/www.batters.fr\/#organization\",\"name\":\"Batters\",\"url\":\"https:\/\/www.batters.fr\/\",\"logo\":{\"@type\":\"ImageObject\",\"inLanguage\":\"en-GB\",\"@id\":\"https:\/\/www.batters.fr\/#\/schema\/logo\/image\/\",\"url\":\"https:\/\/www.batters.fr\/wp-content\/uploads\/2025\/11\/logo-agency.png\",\"contentUrl\":\"https:\/\/www.batters.fr\/wp-content\/uploads\/2025\/11\/logo-agency.png\",\"width\":200,\"height\":200,\"caption\":\"Batters\"},\"image\":{\"@id\":\"https:\/\/www.batters.fr\/#\/schema\/logo\/image\/\"}}]}<\/script>\n<!-- \/ Yoast SEO plugin. -->","yoast_head_json":{"title":"BATTERS Phase 1 - Batters","description":"Building a battery industry roadmap for the Hauts-de-France region: stages of the project and presentations","robots":{"index":"index","follow":"follow","max-snippet":"max-snippet:-1","max-image-preview":"max-image-preview:large","max-video-preview":"max-video-preview:-1"},"canonical":"https:\/\/www.batters.fr\/en\/batters-phase-1\/","og_locale":"en_GB","og_type":"article","og_title":"BATTERS Phase 1 - Batters","og_description":"Construction d'une feuille de route de la fili\u00e8re batterie pour la r\u00e9gion Hauts-de-France : \u00e9tapes du projet et pr\u00e9sentations","og_url":"https:\/\/www.batters.fr\/en\/batters-phase-1\/","og_site_name":"Batters","article_modified_time":"2025-12-05T15:32:27+00:00","og_image":[{"width":1278,"height":482,"url":"https:\/\/www.batters.fr\/wp-content\/uploads\/2025\/11\/fond-titre-2.png","type":"image\/png"}],"twitter_card":"summary_large_image","twitter_misc":{"Estimated reading time":"3 minutes"},"schema":{"@context":"https:\/\/schema.org","@graph":[{"@type":"WebPage","@id":"https:\/\/www.batters.fr\/batters-phase-1\/","url":"https:\/\/www.batters.fr\/batters-phase-1\/","name":"BATTERS Phase 1 - Batters","isPartOf":{"@id":"https:\/\/www.batters.fr\/#website"},"primaryImageOfPage":{"@id":"https:\/\/www.batters.fr\/batters-phase-1\/#primaryimage"},"image":{"@id":"https:\/\/www.batters.fr\/batters-phase-1\/#primaryimage"},"thumbnailUrl":"https:\/\/www.batters.fr\/wp-content\/uploads\/2025\/11\/fond-titre-2.png","datePublished":"2025-11-24T10:50:34+00:00","dateModified":"2025-12-05T15:32:27+00:00","description":"Building a battery industry roadmap for the Hauts-de-France region: stages of the project and presentations","breadcrumb":{"@id":"https:\/\/www.batters.fr\/batters-phase-1\/#breadcrumb"},"inLanguage":"en-GB","potentialAction":[{"@type":"ReadAction","target":["https:\/\/www.batters.fr\/batters-phase-1\/"]}]},{"@type":"ImageObject","inLanguage":"en-GB","@id":"https:\/\/www.batters.fr\/batters-phase-1\/#primaryimage","url":"https:\/\/www.batters.fr\/wp-content\/uploads\/2025\/11\/fond-titre-2.png","contentUrl":"https:\/\/www.batters.fr\/wp-content\/uploads\/2025\/11\/fond-titre-2.png"},{"@type":"BreadcrumbList","@id":"https:\/\/www.batters.fr\/batters-phase-1\/#breadcrumb","itemListElement":[{"@type":"ListItem","position":1,"name":"Home","item":"https:\/\/www.batters.fr\/"},{"@type":"ListItem","position":2,"name":"BATTERS Phase 1"}]},{"@type":"WebSite","@id":"https:\/\/www.batters.fr\/#website","url":"https:\/\/www.batters.fr\/","name":"Batters","description":"","publisher":{"@id":"https:\/\/www.batters.fr\/#organization"},"potentialAction":[{"@type":"SearchAction","target":{"@type":"EntryPoint","urlTemplate":"https:\/\/www.batters.fr\/?s={search_term_string}"},"query-input":{"@type":"PropertyValueSpecification","valueRequired":true,"valueName":"search_term_string"}}],"inLanguage":"en-GB"},{"@type":"Organization","@id":"https:\/\/www.batters.fr\/#organization","name":"Batters","url":"https:\/\/www.batters.fr\/","logo":{"@type":"ImageObject","inLanguage":"en-GB","@id":"https:\/\/www.batters.fr\/#\/schema\/logo\/image\/","url":"https:\/\/www.batters.fr\/wp-content\/uploads\/2025\/11\/logo-agency.png","contentUrl":"https:\/\/www.batters.fr\/wp-content\/uploads\/2025\/11\/logo-agency.png","width":200,"height":200,"caption":"Batters"},"image":{"@id":"https:\/\/www.batters.fr\/#\/schema\/logo\/image\/"}}]}},"_links":{"self":[{"href":"https:\/\/www.batters.fr\/en\/wp-json\/wp\/v2\/pages\/861","targetHints":{"allow":["GET"]}}],"collection":[{"href":"https:\/\/www.batters.fr\/en\/wp-json\/wp\/v2\/pages"}],"about":[{"href":"https:\/\/www.batters.fr\/en\/wp-json\/wp\/v2\/types\/page"}],"author":[{"embeddable":true,"href":"https:\/\/www.batters.fr\/en\/wp-json\/wp\/v2\/users\/5"}],"replies":[{"embeddable":true,"href":"https:\/\/www.batters.fr\/en\/wp-json\/wp\/v2\/comments?post=861"}],"version-history":[{"count":84,"href":"https:\/\/www.batters.fr\/en\/wp-json\/wp\/v2\/pages\/861\/revisions"}],"predecessor-version":[{"id":1388,"href":"https:\/\/www.batters.fr\/en\/wp-json\/wp\/v2\/pages\/861\/revisions\/1388"}],"wp:attachment":[{"href":"https:\/\/www.batters.fr\/en\/wp-json\/wp\/v2\/media?parent=861"}],"curies":[{"name":"wp","href":"https:\/\/api.w.org\/{rel}","templated":true}]}}